{"version":"1.0","provider_name":"Gestor\u00eda Ram\u00f3n Santaf\u00e9 S.L.","provider_url":"https:\/\/accountingservicesinspain.com\/en\/","author_name":"gestoria24","author_url":"https:\/\/accountingservicesinspain.com\/en\/author\/gestoria24\/","title":"PROTECCI\u00d3N DE DATOS - Gestor\u00eda Ram\u00f3n Santaf\u00e9 S.L.","type":"rich","width":600,"height":338,"html":"<blockquote class=\"wp-embedded-content\" data-secret=\"KKalhosKUe\"><a href=\"https:\/\/accountingservicesinspain.com\/en\/proteccion-de-datos\/\">PROTECCI\u00d3N DE DATOS<\/a><\/blockquote><iframe sandbox=\"allow-scripts\" security=\"restricted\" src=\"https:\/\/accountingservicesinspain.com\/en\/proteccion-de-datos\/embed\/#?secret=KKalhosKUe\" width=\"600\" height=\"338\" title=\"&#8220;PROTECCI\u00d3N DE DATOS&#8221; &#8212; Gestor\u00eda Ram\u00f3n Santaf\u00e9 S.L.\" data-secret=\"KKalhosKUe\" frameborder=\"0\" marginwidth=\"0\" marginheight=\"0\" scrolling=\"no\" class=\"wp-embedded-content\"><\/iframe><script type=\"text\/javascript\">\n\/* <![CDATA[ *\/\n\/*! This file is auto-generated *\/\n!function(d,l){\"use strict\";l.querySelector&&d.addEventListener&&\"undefined\"!=typeof URL&&(d.wp=d.wp||{},d.wp.receiveEmbedMessage||(d.wp.receiveEmbedMessage=function(e){var t=e.data;if((t||t.secret||t.message||t.value)&&!\/[^a-zA-Z0-9]\/.test(t.secret)){for(var s,r,n,a=l.querySelectorAll('iframe[data-secret=\"'+t.secret+'\"]'),o=l.querySelectorAll('blockquote[data-secret=\"'+t.secret+'\"]'),c=new RegExp(\"^https?:$\",\"i\"),i=0;i<o.length;i++)o[i].style.display=\"none\";for(i=0;i<a.length;i++)s=a[i],e.source===s.contentWindow&&(s.removeAttribute(\"style\"),\"height\"===t.message?(1e3<(r=parseInt(t.value,10))?r=1e3:~~r<200&&(r=200),s.height=r):\"link\"===t.message&&(r=new URL(s.getAttribute(\"src\")),n=new URL(t.value),c.test(n.protocol))&&n.host===r.host&&l.activeElement===s&&(d.top.location.href=t.value))}},d.addEventListener(\"message\",d.wp.receiveEmbedMessage,!1),l.addEventListener(\"DOMContentLoaded\",function(){for(var e,t,s=l.querySelectorAll(\"iframe.wp-embedded-content\"),r=0;r<s.length;r++)(t=(e=s[r]).getAttribute(\"data-secret\"))||(t=Math.random().toString(36).substring(2,12),e.src+=\"#?secret=\"+t,e.setAttribute(\"data-secret\",t)),e.contentWindow.postMessage({message:\"ready\",secret:t},\"*\")},!1)))}(window,document);\n\/* ]]> *\/\n<\/script>\n","description":"RESPONSABLE GESTOR\u00cdA RAM\u00d3N SANTAF\u00c9, S.L. FINALIDAD Mantenimiento de la relaci\u00f3n contractual con usted para la prestaci\u00f3n de nuestro servicio de estudio, tramitaci\u00f3n y presentaci\u00f3n de su declaraci\u00f3n de renta ante la AEAT. LEGITIMACI\u00d3N Ejecuci\u00f3n de un contrato. DESTINATARIOS Se ceder\u00e1n los datos a la Agencia Estatal de Administraci\u00f3n Tributaria, Bancos y Cajas y otras Administraciones [&hellip;]"}